{"id":2639,"date":"2022-08-02T17:13:52","date_gmt":"2022-08-02T15:13:52","guid":{"rendered":"https:\/\/www.cosyhomeconciergerie.ch\/?page_id=2639"},"modified":"2025-04-02T14:26:25","modified_gmt":"2025-04-02T12:26:25","slug":"faq","status":"publish","type":"page","link":"https:\/\/www.cosyhomeconciergerie.ch\/fr\/faq\/","title":{"rendered":"FAQ"},"content":{"rendered":"\t\t<div data-elementor-type=\"wp-page\" data-elementor-id=\"2639\" class=\"elementor elementor-2639\" data-elementor-post-type=\"page\">\n\t\t\t\t<div class=\"elementor-element elementor-element-c6b8cd2 e-flex e-con-boxed e-con e-parent\" data-id=\"c6b8cd2\" data-element_type=\"container\" data-e-type=\"container\" data-settings=\"{&quot;background_background&quot;:&quot;classic&quot;}\">\n\t\t\t\t\t<div class=\"e-con-inner\">\n\t\t\t\t<div class=\"elementor-element elementor-element-502f6de elementor-widget elementor-widget-heading\" data-id=\"502f6de\" data-element_type=\"widget\" data-e-type=\"widget\" data-widget_type=\"heading.default\">\n\t\t\t\t<div class=\"elementor-widget-container\">\n\t\t\t\t\t<h3 class=\"elementor-heading-title elementor-size-default\">Aide<\/h3>\t\t\t\t<\/div>\n\t\t\t\t<\/div>\n\t\t\t\t<div class=\"elementor-element elementor-element-b77ee0c animated-slow elementor-invisible elementor-widget elementor-widget-heading\" data-id=\"b77ee0c\" data-element_type=\"widget\" data-e-type=\"widget\" data-settings=\"{&quot;_animation&quot;:&quot;fadeInUp&quot;,&quot;_animation_delay&quot;:200}\" data-widget_type=\"heading.default\">\n\t\t\t\t<div class=\"elementor-widget-container\">\n\t\t\t\t\t<h1 class=\"elementor-heading-title elementor-size-default\">FAQ<\/h1>\t\t\t\t<\/div>\n\t\t\t\t<\/div>\n\t\t\t\t<div class=\"elementor-element elementor-element-a68795a elementor-widget elementor-widget-text-editor\" data-id=\"a68795a\" data-element_type=\"widget\" data-e-type=\"widget\" data-widget_type=\"text-editor.default\">\n\t\t\t\t<div class=\"elementor-widget-container\">\n\t\t\t\t\t\t\t\t\t<p>Vous avez d&rsquo;autres questions ?\u00a0 <span style=\"color: #c4b9ad;\"><strong><a style=\"color: #c4b9ad;\" href=\"https:\/\/www.cosyhomeconciergerie.ch\/contact\">Contactez-nous<\/a><\/strong><\/span><\/p>\t\t\t\t\t\t\t\t<\/div>\n\t\t\t\t<\/div>\n\t\t\t\t\t<\/div>\n\t\t\t\t<\/div>\n\t\t<div class=\"elementor-element elementor-element-330ad86e e-flex e-con-boxed e-con e-parent\" data-id=\"330ad86e\" data-element_type=\"container\" data-e-type=\"container\" data-settings=\"{&quot;background_background&quot;:&quot;classic&quot;}\">\n\t\t\t\t\t<div class=\"e-con-inner\">\n\t\t<div class=\"elementor-element elementor-element-5bcb24b4 e-con-full e-flex e-con e-child\" data-id=\"5bcb24b4\" data-element_type=\"container\" data-e-type=\"container\">\n\t\t\t\t<div class=\"elementor-element elementor-element-6922c4d2 elementor-widget__width-initial elementor-widget-tablet__width-inherit elementor-widget elementor-widget-toggle\" data-id=\"6922c4d2\" data-element_type=\"widget\" data-e-type=\"widget\" data-widget_type=\"toggle.default\">\n\t\t\t\t<div class=\"elementor-widget-container\">\n\t\t\t\t\t\t\t<div class=\"elementor-toggle\">\n\t\t\t\t\t\t\t<div class=\"elementor-toggle-item\">\n\t\t\t\t\t<h4 id=\"elementor-tab-title-1761\" class=\"elementor-tab-title\" data-tab=\"1\" role=\"button\" aria-controls=\"elementor-tab-content-1761\" aria-expanded=\"false\">\n\t\t\t\t\t\t\t\t\t\t\t\t<span class=\"elementor-toggle-icon elementor-toggle-icon-right\" aria-hidden=\"true\">\n\t\t\t\t\t\t\t\t\t\t\t\t\t\t\t<span class=\"elementor-toggle-icon-closed\"><svg xmlns=\"http:\/\/www.w3.org\/2000\/svg\" height=\"16\" viewBox=\"0 0 16 16\" width=\"16\"><path d=\"m8.39 7.64v-7.64h-.78v7.64h-7.61v.76h7.61v7.6h.78v-7.6h7.61v-.76z\"><\/path><\/svg><\/span>\n\t\t\t\t\t\t\t\t<span class=\"elementor-toggle-icon-opened\"><svg xmlns=\"http:\/\/www.w3.org\/2000\/svg\" height=\"16\" viewBox=\"0 0 16 16\" width=\"16\"><path d=\"m0 0h16v16h-16z\" opacity=\"0\"><\/path><path d=\"m0 7.64h16v.76h-16z\"><\/path><\/svg><\/span>\n\t\t\t\t\t\t\t\t\t\t\t\t\t<\/span>\n\t\t\t\t\t\t\t\t\t\t\t\t<a class=\"elementor-toggle-title\" tabindex=\"0\">Pourquoi vous et pas une autre agence ?<\/a>\n\t\t\t\t\t<\/h4>\n\n\t\t\t\t\t<div id=\"elementor-tab-content-1761\" class=\"elementor-tab-content elementor-clearfix\" data-tab=\"1\" role=\"region\" aria-labelledby=\"elementor-tab-title-1761\"><p style=\"text-align: justify;\">Nous pensons que notre agence se distingue par son approche innovante et sa capacit\u00e9 \u00e0 s&rsquo;adapter aux \u00e9volutions du march\u00e9. En tant qu&rsquo;entreprise jeune, nous aspirons \u00e0 offrir des services haut de gamme \u00e0 nos clients tout en contribuant au d\u00e9veloppement touristique du Valais.\n\nNotre engagement envers un service de qualit\u00e9 et notre vigilance quant aux \u00e9volutions technologiques du march\u00e9 immobilier et de la location de vacances nous distinguent \u00e9galement.<\/div>\n\t\t\t\t<\/div>\n\t\t\t\t\t\t\t<div class=\"elementor-toggle-item\">\n\t\t\t\t\t<h4 id=\"elementor-tab-title-1762\" class=\"elementor-tab-title\" data-tab=\"2\" role=\"button\" aria-controls=\"elementor-tab-content-1762\" aria-expanded=\"false\">\n\t\t\t\t\t\t\t\t\t\t\t\t<span class=\"elementor-toggle-icon elementor-toggle-icon-right\" aria-hidden=\"true\">\n\t\t\t\t\t\t\t\t\t\t\t\t\t\t\t<span class=\"elementor-toggle-icon-closed\"><svg xmlns=\"http:\/\/www.w3.org\/2000\/svg\" height=\"16\" viewBox=\"0 0 16 16\" width=\"16\"><path d=\"m8.39 7.64v-7.64h-.78v7.64h-7.61v.76h7.61v7.6h.78v-7.6h7.61v-.76z\"><\/path><\/svg><\/span>\n\t\t\t\t\t\t\t\t<span class=\"elementor-toggle-icon-opened\"><svg xmlns=\"http:\/\/www.w3.org\/2000\/svg\" height=\"16\" viewBox=\"0 0 16 16\" width=\"16\"><path d=\"m0 0h16v16h-16z\" opacity=\"0\"><\/path><path d=\"m0 7.64h16v.76h-16z\"><\/path><\/svg><\/span>\n\t\t\t\t\t\t\t\t\t\t\t\t\t<\/span>\n\t\t\t\t\t\t\t\t\t\t\t\t<a class=\"elementor-toggle-title\" tabindex=\"0\">O\u00f9 \u00eates-vous situ\u00e9 ?<\/a>\n\t\t\t\t\t<\/h4>\n\n\t\t\t\t\t<div id=\"elementor-tab-content-1762\" class=\"elementor-tab-content elementor-clearfix\" data-tab=\"2\" role=\"region\" aria-labelledby=\"elementor-tab-title-1762\"><p style=\"text-align: justify;\">Nous sommes situ\u00e9s en Valais et actifs sur l&rsquo;ensemble du Valais romand<\/div>\n\t\t\t\t<\/div>\n\t\t\t\t\t\t\t<div class=\"elementor-toggle-item\">\n\t\t\t\t\t<h4 id=\"elementor-tab-title-1763\" class=\"elementor-tab-title\" data-tab=\"3\" role=\"button\" aria-controls=\"elementor-tab-content-1763\" aria-expanded=\"false\">\n\t\t\t\t\t\t\t\t\t\t\t\t<span class=\"elementor-toggle-icon elementor-toggle-icon-right\" aria-hidden=\"true\">\n\t\t\t\t\t\t\t\t\t\t\t\t\t\t\t<span class=\"elementor-toggle-icon-closed\"><svg xmlns=\"http:\/\/www.w3.org\/2000\/svg\" height=\"16\" viewBox=\"0 0 16 16\" width=\"16\"><path d=\"m8.39 7.64v-7.64h-.78v7.64h-7.61v.76h7.61v7.6h.78v-7.6h7.61v-.76z\"><\/path><\/svg><\/span>\n\t\t\t\t\t\t\t\t<span class=\"elementor-toggle-icon-opened\"><svg xmlns=\"http:\/\/www.w3.org\/2000\/svg\" height=\"16\" viewBox=\"0 0 16 16\" width=\"16\"><path d=\"m0 0h16v16h-16z\" opacity=\"0\"><\/path><path d=\"m0 7.64h16v.76h-16z\"><\/path><\/svg><\/span>\n\t\t\t\t\t\t\t\t\t\t\t\t\t<\/span>\n\t\t\t\t\t\t\t\t\t\t\t\t<a class=\"elementor-toggle-title\" tabindex=\"0\">Quel est le co\u00fbt de vos services de gestion locative complet ? ?<\/a>\n\t\t\t\t\t<\/h4>\n\n\t\t\t\t\t<div id=\"elementor-tab-content-1763\" class=\"elementor-tab-content elementor-clearfix\" data-tab=\"3\" role=\"region\" aria-labelledby=\"elementor-tab-title-1763\"><p style=\"text-align: justify;\">Le co\u00fbt de nos services de gestion locative compl\u00e8te est bas\u00e9 sur une commission de 25 % TTC apr\u00e8s d\u00e9duction des charges.\n\nGr\u00e2ce \u00e0 \u00e7a, ils ne sont pas contraints par des dates de location obligatoires. Ainsi, ils peuvent r\u00e9server leur logement pour leurs propres vacances, que ce soit pendant les p\u00e9riodes de vacances de f\u00e9vrier, de No\u00ebl, ou \u00e0 tout autre moment qui leur convient.\n\nDe plus, afin d&rsquo;assurer une totale libert\u00e9 \u00e0 nos clients propri\u00e9taires, nous appliquons des frais administratifs annuels.\n\nCette approche leur permet de ne pas \u00eatre contraint \u00e0 des dates de location obligatoires. Contrairement \u00e0 certaine agence qui applique des restrictions de dates, nos clients propri\u00e9taires ont la flexibilit\u00e9 de r\u00e9server leur logement pour leurs propres vacances, que ce soit pendant les p\u00e9riodes de vacances de f\u00e9vrier, de No\u00ebl, ou \u00e0 tout autre moment qui leur convient.\n\n<a href=\"\/formule-gestion-locative-complete\"><span style=\"color: #856341;\">Plus d&rsquo;informations &#8230;<\/span><\/a><\/div>\n\t\t\t\t<\/div>\n\t\t\t\t\t\t\t<div class=\"elementor-toggle-item\">\n\t\t\t\t\t<h4 id=\"elementor-tab-title-1764\" class=\"elementor-tab-title\" data-tab=\"4\" role=\"button\" aria-controls=\"elementor-tab-content-1764\" aria-expanded=\"false\">\n\t\t\t\t\t\t\t\t\t\t\t\t<span class=\"elementor-toggle-icon elementor-toggle-icon-right\" aria-hidden=\"true\">\n\t\t\t\t\t\t\t\t\t\t\t\t\t\t\t<span class=\"elementor-toggle-icon-closed\"><svg xmlns=\"http:\/\/www.w3.org\/2000\/svg\" height=\"16\" viewBox=\"0 0 16 16\" width=\"16\"><path d=\"m8.39 7.64v-7.64h-.78v7.64h-7.61v.76h7.61v7.6h.78v-7.6h7.61v-.76z\"><\/path><\/svg><\/span>\n\t\t\t\t\t\t\t\t<span class=\"elementor-toggle-icon-opened\"><svg xmlns=\"http:\/\/www.w3.org\/2000\/svg\" height=\"16\" viewBox=\"0 0 16 16\" width=\"16\"><path d=\"m0 0h16v16h-16z\" opacity=\"0\"><\/path><path d=\"m0 7.64h16v.76h-16z\"><\/path><\/svg><\/span>\n\t\t\t\t\t\t\t\t\t\t\t\t\t<\/span>\n\t\t\t\t\t\t\t\t\t\t\t\t<a class=\"elementor-toggle-title\" tabindex=\"0\">En quoi consiste l'offre \"Accompagnement et optimisation\" ?<\/a>\n\t\t\t\t\t<\/h4>\n\n\t\t\t\t\t<div id=\"elementor-tab-content-1764\" class=\"elementor-tab-content elementor-clearfix\" data-tab=\"4\" role=\"region\" aria-labelledby=\"elementor-tab-title-1764\"><p style=\"text-align: justify;\">L&rsquo;offre \u00ab\u00a0Accompagnement et optimisation\u00a0\u00bb est un service tout inclus propos\u00e9 \u00e0 un prix unique. Ce tarif varie en fonction de la taille du logement. Avec cette offre, nous prenons en charge tous les aspects techniques de la mise en location, y compris la prise de photographies professionnelles, la r\u00e9daction d&rsquo;un guide pour les locataires, la cr\u00e9ation et la gestion de l&rsquo;annonce sur les plateformes de r\u00e9servation, etc. Le propri\u00e9taire conserve la gestion de son logement tout en b\u00e9n\u00e9ficiant de notre expertise pour optimiser sa visibilit\u00e9 et sa rentabilit\u00e9 sur le march\u00e9 de la location de vacances.\n\n<span style=\"color: #856341;\"><a style=\"color: #856341;\" href=\"\/optimisation-annonce-location\">Plus d&rsquo;information &#8230;<\/a><\/span><\/div>\n\t\t\t\t<\/div>\n\t\t\t\t\t\t\t\t<\/div>\n\t\t\t\t\t\t<\/div>\n\t\t\t\t<\/div>\n\t\t\t\t<div class=\"elementor-element elementor-element-62c19bb1 elementor-widget__width-initial elementor-widget-tablet__width-inherit elementor-widget elementor-widget-toggle\" data-id=\"62c19bb1\" data-element_type=\"widget\" data-e-type=\"widget\" data-widget_type=\"toggle.default\">\n\t\t\t\t<div class=\"elementor-widget-container\">\n\t\t\t\t\t\t\t<div class=\"elementor-toggle\">\n\t\t\t\t\t\t\t<div class=\"elementor-toggle-item\">\n\t\t\t\t\t<h4 id=\"elementor-tab-title-1651\" class=\"elementor-tab-title\" data-tab=\"1\" role=\"button\" aria-controls=\"elementor-tab-content-1651\" aria-expanded=\"false\">\n\t\t\t\t\t\t\t\t\t\t\t\t<span class=\"elementor-toggle-icon elementor-toggle-icon-right\" aria-hidden=\"true\">\n\t\t\t\t\t\t\t\t\t\t\t\t\t\t\t<span class=\"elementor-toggle-icon-closed\"><svg xmlns=\"http:\/\/www.w3.org\/2000\/svg\" height=\"16\" viewBox=\"0 0 16 16\" width=\"16\"><path d=\"m8.39 7.64v-7.64h-.78v7.64h-7.61v.76h7.61v7.6h.78v-7.6h7.61v-.76z\"><\/path><\/svg><\/span>\n\t\t\t\t\t\t\t\t<span class=\"elementor-toggle-icon-opened\"><svg xmlns=\"http:\/\/www.w3.org\/2000\/svg\" height=\"16\" viewBox=\"0 0 16 16\" width=\"16\"><path d=\"m0 0h16v16h-16z\" opacity=\"0\"><\/path><path d=\"m0 7.64h16v.76h-16z\"><\/path><\/svg><\/span>\n\t\t\t\t\t\t\t\t\t\t\t\t\t<\/span>\n\t\t\t\t\t\t\t\t\t\t\t\t<a class=\"elementor-toggle-title\" tabindex=\"0\">Que se passe-t-il en cas de d\u00e9g\u00e2ts ?<\/a>\n\t\t\t\t\t<\/h4>\n\n\t\t\t\t\t<div id=\"elementor-tab-content-1651\" class=\"elementor-tab-content elementor-clearfix\" data-tab=\"1\" role=\"region\" aria-labelledby=\"elementor-tab-title-1651\"><p style=\"text-align: justify;\">En cas de d\u00e9g\u00e2ts, la d\u00e9marche peut varier selon la plateforme de r\u00e9servation utilis\u00e9e. Cependant, dans le cadre de notre service de gestion locative, nous exigeons une caution pour couvrir d&rsquo;\u00e9ventuels dommages. De plus, nous recommandons \u00e0 nos propri\u00e9taires de souscrire une assurance responsabilit\u00e9 civile (RC m\u00e9nage) adapt\u00e9e \u00e0 la location de vacances. Nous avons \u00e9tabli un partenariat avec notre assureur afin de fournir \u00e0 nos propri\u00e9taires les conseils les plus adapt\u00e9s \u00e0 leurs besoins en mati\u00e8re d&rsquo;assurance.<\/div>\n\t\t\t\t<\/div>\n\t\t\t\t\t\t\t<div class=\"elementor-toggle-item\">\n\t\t\t\t\t<h4 id=\"elementor-tab-title-1652\" class=\"elementor-tab-title\" data-tab=\"2\" role=\"button\" aria-controls=\"elementor-tab-content-1652\" aria-expanded=\"false\">\n\t\t\t\t\t\t\t\t\t\t\t\t<span class=\"elementor-toggle-icon elementor-toggle-icon-right\" aria-hidden=\"true\">\n\t\t\t\t\t\t\t\t\t\t\t\t\t\t\t<span class=\"elementor-toggle-icon-closed\"><svg xmlns=\"http:\/\/www.w3.org\/2000\/svg\" height=\"16\" viewBox=\"0 0 16 16\" width=\"16\"><path d=\"m8.39 7.64v-7.64h-.78v7.64h-7.61v.76h7.61v7.6h.78v-7.6h7.61v-.76z\"><\/path><\/svg><\/span>\n\t\t\t\t\t\t\t\t<span class=\"elementor-toggle-icon-opened\"><svg xmlns=\"http:\/\/www.w3.org\/2000\/svg\" height=\"16\" viewBox=\"0 0 16 16\" width=\"16\"><path d=\"m0 0h16v16h-16z\" opacity=\"0\"><\/path><path d=\"m0 7.64h16v.76h-16z\"><\/path><\/svg><\/span>\n\t\t\t\t\t\t\t\t\t\t\t\t\t<\/span>\n\t\t\t\t\t\t\t\t\t\t\t\t<a class=\"elementor-toggle-title\" tabindex=\"0\">Pourquoi ne pas louer mon bien seul ?<\/a>\n\t\t\t\t\t<\/h4>\n\n\t\t\t\t\t<div id=\"elementor-tab-content-1652\" class=\"elementor-tab-content elementor-clearfix\" data-tab=\"2\" role=\"region\" aria-labelledby=\"elementor-tab-title-1652\"><p style=\"text-align: justify;\">Il est tout \u00e0 fait possible de louer son bien soi-m\u00eame.\n\nIl est important de savoir que beaucoup se d\u00e9couragent lorsqu&rsquo;ils se rendent compte du temps et de l&rsquo;organisation n\u00e9cessaire.\n\nLes check-in\/out, m\u00e9nages, blanchisserie, r\u00e9pondre aux voyageurs, tout cela est tr\u00e8s chronophage.\n\nPasser par un gestionnaire de location de vacances vous permet de profiter de votre maison secondaire sans avoir \u00e0 vous soucier de sa gestion.\n\nChez CosyHome, nous assurons un service h\u00f4telier de qualit\u00e9. Cela nous permet d&rsquo;obtenir des avis clients qualitatifs et donc, plus de locations.<\/div>\n\t\t\t\t<\/div>\n\t\t\t\t\t\t\t<div class=\"elementor-toggle-item\">\n\t\t\t\t\t<h4 id=\"elementor-tab-title-1653\" class=\"elementor-tab-title\" data-tab=\"3\" role=\"button\" aria-controls=\"elementor-tab-content-1653\" aria-expanded=\"false\">\n\t\t\t\t\t\t\t\t\t\t\t\t<span class=\"elementor-toggle-icon elementor-toggle-icon-right\" aria-hidden=\"true\">\n\t\t\t\t\t\t\t\t\t\t\t\t\t\t\t<span class=\"elementor-toggle-icon-closed\"><svg xmlns=\"http:\/\/www.w3.org\/2000\/svg\" height=\"16\" viewBox=\"0 0 16 16\" width=\"16\"><path d=\"m8.39 7.64v-7.64h-.78v7.64h-7.61v.76h7.61v7.6h.78v-7.6h7.61v-.76z\"><\/path><\/svg><\/span>\n\t\t\t\t\t\t\t\t<span class=\"elementor-toggle-icon-opened\"><svg xmlns=\"http:\/\/www.w3.org\/2000\/svg\" height=\"16\" viewBox=\"0 0 16 16\" width=\"16\"><path d=\"m0 0h16v16h-16z\" opacity=\"0\"><\/path><path d=\"m0 7.64h16v.76h-16z\"><\/path><\/svg><\/span>\n\t\t\t\t\t\t\t\t\t\t\t\t\t<\/span>\n\t\t\t\t\t\t\t\t\t\t\t\t<a class=\"elementor-toggle-title\" tabindex=\"0\">Est-ce que mon bien est adapt\u00e9 \u00e0 la location de vacances ?<\/a>\n\t\t\t\t\t<\/h4>\n\n\t\t\t\t\t<div id=\"elementor-tab-content-1653\" class=\"elementor-tab-content elementor-clearfix\" data-tab=\"3\" role=\"region\" aria-labelledby=\"elementor-tab-title-1653\"><p style=\"text-align: justify;\">Pour d\u00e9terminer si votre bien est adapt\u00e9 \u00e0 la location de vacances, nous vous conseillons de nous contacter directement<span style=\"color: #856341;\"><a style=\"color: #856341;\" href=\"https:\/\/www.cosyhomeconciergerie.ch\/estimez-votre-biens\" target=\"_blank\" rel=\"noopener\"> juste ici<\/a> .<\/span><\/div>\n\t\t\t\t<\/div>\n\t\t\t\t\t\t\t<div class=\"elementor-toggle-item\">\n\t\t\t\t\t<h4 id=\"elementor-tab-title-1654\" class=\"elementor-tab-title\" data-tab=\"4\" role=\"button\" aria-controls=\"elementor-tab-content-1654\" aria-expanded=\"false\">\n\t\t\t\t\t\t\t\t\t\t\t\t<span class=\"elementor-toggle-icon elementor-toggle-icon-right\" aria-hidden=\"true\">\n\t\t\t\t\t\t\t\t\t\t\t\t\t\t\t<span class=\"elementor-toggle-icon-closed\"><svg xmlns=\"http:\/\/www.w3.org\/2000\/svg\" height=\"16\" viewBox=\"0 0 16 16\" width=\"16\"><path d=\"m8.39 7.64v-7.64h-.78v7.64h-7.61v.76h7.61v7.6h.78v-7.6h7.61v-.76z\"><\/path><\/svg><\/span>\n\t\t\t\t\t\t\t\t<span class=\"elementor-toggle-icon-opened\"><svg xmlns=\"http:\/\/www.w3.org\/2000\/svg\" height=\"16\" viewBox=\"0 0 16 16\" width=\"16\"><path d=\"m0 0h16v16h-16z\" opacity=\"0\"><\/path><path d=\"m0 7.64h16v.76h-16z\"><\/path><\/svg><\/span>\n\t\t\t\t\t\t\t\t\t\t\t\t\t<\/span>\n\t\t\t\t\t\t\t\t\t\t\t\t<a class=\"elementor-toggle-title\" tabindex=\"0\">Existe-t-il diff\u00e9rents forfaits de gestion ?<\/a>\n\t\t\t\t\t<\/h4>\n\n\t\t\t\t\t<div id=\"elementor-tab-content-1654\" class=\"elementor-tab-content elementor-clearfix\" data-tab=\"4\" role=\"region\" aria-labelledby=\"elementor-tab-title-1654\"><p style=\"text-align: justify;\">Nous proposons deux types de services.\n\nLe premier est une prise en charge compl\u00e8te du bien, o\u00f9 nous nous occupons de tous les aspects de la gestion locative, de la commercialisation \u00e0 l&rsquo;accueil des locataires en passant par la maintenance.\n\nLe deuxi\u00e8me service consiste \u00e0 assurer la mise en ligne du logement sur les plateformes de r\u00e9servation, tout en laissant la gestion au propri\u00e9taire.<\/div>\n\t\t\t\t<\/div>\n\t\t\t\t\t\t\t\t<\/div>\n\t\t\t\t\t\t<\/div>\n\t\t\t\t<\/div>\n\t\t\t\t<\/div>\n\t\t\t\t\t<\/div>\n\t\t\t\t<\/div>\n\t\t<div class=\"elementor-element elementor-element-228b701 e-flex e-con-boxed e-con e-parent\" data-id=\"228b701\" data-element_type=\"container\" data-e-type=\"container\" data-settings=\"{&quot;background_background&quot;:&quot;classic&quot;}\">\n\t\t\t\t\t<div class=\"e-con-inner\">\n\t\t<div class=\"elementor-element elementor-element-19cfd42 e-flex e-con-boxed e-con e-child\" data-id=\"19cfd42\" data-element_type=\"container\" data-e-type=\"container\">\n\t\t\t\t\t<div class=\"e-con-inner\">\n\t\t\t\t<div class=\"elementor-element elementor-element-5285eed elementor-invisible elementor-widget elementor-widget-heading\" data-id=\"5285eed\" data-element_type=\"widget\" data-e-type=\"widget\" data-settings=\"{&quot;_animation&quot;:&quot;fadeInUp&quot;}\" data-widget_type=\"heading.default\">\n\t\t\t\t<div class=\"elementor-widget-container\">\n\t\t\t\t\t<h2 class=\"elementor-heading-title elementor-size-default\">Vous avez une r\u00e9sidence en Valais ?<\/h2>\t\t\t\t<\/div>\n\t\t\t\t<\/div>\n\t\t\t\t<div class=\"elementor-element elementor-element-cc71f50 elementor-widget-mobile__width-initial e-transform elementor-align-center elementor-invisible elementor-widget elementor-widget-button\" data-id=\"cc71f50\" data-element_type=\"widget\" data-e-type=\"widget\" data-settings=\"{&quot;_animation&quot;:&quot;fadeInUp&quot;,&quot;_transform_translateY_effect_hover&quot;:{&quot;unit&quot;:&quot;px&quot;,&quot;size&quot;:-6,&quot;sizes&quot;:[]},&quot;_animation_delay&quot;:400,&quot;_transform_translateX_effect_hover&quot;:{&quot;unit&quot;:&quot;px&quot;,&quot;size&quot;:&quot;&quot;,&quot;sizes&quot;:[]},&quot;_transform_translateX_effect_hover_tablet&quot;:{&quot;unit&quot;:&quot;px&quot;,&quot;size&quot;:&quot;&quot;,&quot;sizes&quot;:[]},&quot;_transform_translateX_effect_hover_mobile&quot;:{&quot;unit&quot;:&quot;px&quot;,&quot;size&quot;:&quot;&quot;,&quot;sizes&quot;:[]},&quot;_transform_translateY_effect_hover_tablet&quot;:{&quot;unit&quot;:&quot;px&quot;,&quot;size&quot;:&quot;&quot;,&quot;sizes&quot;:[]},&quot;_transform_translateY_effect_hover_mobile&quot;:{&quot;unit&quot;:&quot;px&quot;,&quot;size&quot;:&quot;&quot;,&quot;sizes&quot;:[]}}\" data-widget_type=\"button.default\">\n\t\t\t\t<div class=\"elementor-widget-container\">\n\t\t\t\t\t\t\t\t\t<div class=\"elementor-button-wrapper\">\n\t\t\t\t\t<a class=\"elementor-button elementor-button-link elementor-size-sm\" href=\"#elementor-action%3Aaction%3Dpopup%3Aopen%26settings%3DeyJpZCI6IjEwODQ2IiwidG9nZ2xlIjpmYWxzZX0%3D\">\n\t\t\t\t\t\t<span class=\"elementor-button-content-wrapper\">\n\t\t\t\t\t\t\t\t\t<span class=\"elementor-button-text\">Louer mon bien avec CosyHome Conciergerie<\/span>\n\t\t\t\t\t<\/span>\n\t\t\t\t\t<\/a>\n\t\t\t\t<\/div>\n\t\t\t\t\t\t\t\t<\/div>\n\t\t\t\t<\/div>\n\t\t\t\t\t<\/div>\n\t\t\t\t<\/div>\n\t\t\t\t\t<\/div>\n\t\t\t\t<\/div>\n\t\t\t\t<\/div>\n\t\t","protected":false},"excerpt":{"rendered":"<p>Aide FAQ Vous avez d&rsquo;autres questions ?\u00a0 Contactez-nous Pourquoi vous et pas une autre agence ? Nous pensons que notre agence se distingue par son approche innovante et sa capacit\u00e9 \u00e0 s&rsquo;adapter aux \u00e9volutions du march\u00e9. En tant qu&rsquo;entreprise jeune, nous aspirons \u00e0 offrir des services haut de gamme \u00e0 nos clients tout en contribuant [&hellip;]<\/p>\n","protected":false},"author":7,"featured_media":0,"parent":0,"menu_order":0,"comment_status":"closed","ping_status":"closed","template":"","meta":{"_monsterinsights_skip_tracking":false,"_monsterinsights_sitenote_active":false,"_monsterinsights_sitenote_note":"","_monsterinsights_sitenote_category":0,"footnotes":""},"class_list":["post-2639","page","type-page","status-publish","hentry"],"_links":{"self":[{"href":"https:\/\/www.cosyhomeconciergerie.ch\/fr\/wp-json\/wp\/v2\/pages\/2639","targetHints":{"allow":["GET"]}}],"collection":[{"href":"https:\/\/www.cosyhomeconciergerie.ch\/fr\/wp-json\/wp\/v2\/pages"}],"about":[{"href":"https:\/\/www.cosyhomeconciergerie.ch\/fr\/wp-json\/wp\/v2\/types\/page"}],"author":[{"embeddable":true,"href":"https:\/\/www.cosyhomeconciergerie.ch\/fr\/wp-json\/wp\/v2\/users\/7"}],"replies":[{"embeddable":true,"href":"https:\/\/www.cosyhomeconciergerie.ch\/fr\/wp-json\/wp\/v2\/comments?post=2639"}],"version-history":[{"count":0,"href":"https:\/\/www.cosyhomeconciergerie.ch\/fr\/wp-json\/wp\/v2\/pages\/2639\/revisions"}],"wp:attachment":[{"href":"https:\/\/www.cosyhomeconciergerie.ch\/fr\/wp-json\/wp\/v2\/media?parent=2639"}],"curies":[{"name":"wp","href":"https:\/\/api.w.org\/{rel}","templated":true}]}}